{"id":3411,"date":"2020-04-28T10:55:39","date_gmt":"2020-04-28T08:55:39","guid":{"rendered":"https:\/\/gran-hola.ch\/?page_id=3411"},"modified":"2023-01-12T15:41:21","modified_gmt":"2023-01-12T14:41:21","slug":"aktuell","status":"publish","type":"page","link":"https:\/\/gran-hola.ch\/de\/aktuell\/","title":{"rendered":"Aktuell"},"content":{"rendered":"<div id=\"pl-3411\"  class=\"panel-layout\" ><div id=\"pg-3411-0\"  class=\"panel-grid panel-has-style\" ><div style=\"padding-top: 0px; \" class=\"panel-row-style panel-row-style-for-3411-0\" ><div id=\"pgc-3411-0-0\"  class=\"panel-grid-cell\" ><div id=\"panel-3411-0-0-0\" class=\"so-panel widget widget_ttrust_blog create-blog panel-first-child panel-last-child\" data-index=\"0\" >\t\t\t\t<div id=\"widget-0-0-0\" class=\"blog clear grid col-3 alignment-center\">\n\n\t\t\t\t\t\t\t\t\t\t\n\t\t<article class=\"small post-3885 post type-post status-publish format-standard has-post-thumbnail hentry category-aktuelles tag-bio-de tag-event-de tag-fruhstuck-de-2 tag-granola-de tag-handwerklich tag-lokale-produkte tag-offenen-tur tag-vegan-de-2\">\n\t\t\t<div class=\"inside\">\n\t\t\t\t\t\t\n\t\t\t\t<a href=\"https:\/\/gran-hola.ch\/de\/2022\/04\/18\/tag-der-offenen-tuer-%f0%9f%8e%88\/\" rel=\"bookmark\" class=\"post-thumb\"><img loading=\"lazy\" decoding=\"async\" width=\"700\" height=\"700\" src=\"https:\/\/i0.wp.com\/gran-hola.ch\/wp-content\/uploads\/2022\/05\/format-articles-web-1200x1200-12.jpg?resize=700%2C700&amp;ssl=1\" class=\" wp-post-image\" alt=\"Tag der offenen T\u00fcr \ud83c\udf88\" title=\"Tag der offenen T\u00fcr \ud83c\udf88\" srcset=\"https:\/\/i0.wp.com\/gran-hola.ch\/wp-content\/uploads\/2022\/05\/format-articles-web-1200x1200-12.jpg?w=1200&amp;ssl=1 1200w, https:\/\/i0.wp.com\/gran-hola.ch\/wp-content\/uploads\/2022\/05\/format-articles-web-1200x1200-12.jpg?resize=600%2C600&amp;ssl=1 600w, https:\/\/i0.wp.com\/gran-hola.ch\/wp-content\/uploads\/2022\/05\/format-articles-web-1200x1200-12.jpg?resize=100%2C100&amp;ssl=1 100w, https:\/\/i0.wp.com\/gran-hola.ch\/wp-content\/uploads\/2022\/05\/format-articles-web-1200x1200-12.jpg?resize=300%2C300&amp;ssl=1 300w, https:\/\/i0.wp.com\/gran-hola.ch\/wp-content\/uploads\/2022\/05\/format-articles-web-1200x1200-12.jpg?resize=768%2C768&amp;ssl=1 768w, https:\/\/i0.wp.com\/gran-hola.ch\/wp-content\/uploads\/2022\/05\/format-articles-web-1200x1200-12.jpg?resize=700%2C700&amp;ssl=1 700w, https:\/\/i0.wp.com\/gran-hola.ch\/wp-content\/uploads\/2022\/05\/format-articles-web-1200x1200-12.jpg?resize=1000%2C1000&amp;ssl=1 1000w\" sizes=\"auto, (max-width: 700px) 100vw, 700px\" \/><\/a>\n\t\t\t\n\t\t\t<div class=\"content\">\n\t\t\t\t<h3><a href=\"https:\/\/gran-hola.ch\/de\/2022\/04\/18\/tag-der-offenen-tuer-%f0%9f%8e%88\/\" rel=\"bookmark\" alt=\"Tag der offenen T\u00fcr \ud83c\udf88\">Tag der offenen T\u00fcr \ud83c\udf88<\/a><\/h3>\n\t\t\t\t<span class=\"meta\">\n\t\t\t\t\t18. April 2022\t\t\t\t<\/span>\n\t\t\t\t\t\t\t<\/div>\n\t\t\t<\/div>\n\t\t<\/article>\n\n\t\t\t\t\t\t\n\t\t<article class=\"small post-3883 post type-post status-publish format-standard has-post-thumbnail hentry category-aktuelles tag-bio-de tag-fruhstuck-de-2 tag-granola-de tag-handwerklich tag-lokale-produkte tag-vegan-de-2\">\n\t\t\t<div class=\"inside\">\n\t\t\t\t\t\t\n\t\t\t\t<a href=\"https:\/\/gran-hola.ch\/de\/2022\/01\/16\/rueckblick-auf-ein-ereignisreiches-jahr-2021\/\" rel=\"bookmark\" class=\"post-thumb\"><img loading=\"lazy\" decoding=\"async\" width=\"700\" height=\"700\" src=\"https:\/\/i0.wp.com\/gran-hola.ch\/wp-content\/uploads\/2022\/03\/photo5789841109189507670.jpg?resize=700%2C700&amp;ssl=1\" class=\" wp-post-image\" alt=\"R\u00fcckblick auf ein ereignisreiches Jahr 2021!\" title=\"R\u00fcckblick auf ein ereignisreiches Jahr 2021!\" srcset=\"https:\/\/i0.wp.com\/gran-hola.ch\/wp-content\/uploads\/2022\/03\/photo5789841109189507670.jpg?resize=600%2C600&amp;ssl=1 600w, https:\/\/i0.wp.com\/gran-hola.ch\/wp-content\/uploads\/2022\/03\/photo5789841109189507670.jpg?resize=100%2C100&amp;ssl=1 100w, https:\/\/i0.wp.com\/gran-hola.ch\/wp-content\/uploads\/2022\/03\/photo5789841109189507670.jpg?resize=300%2C300&amp;ssl=1 300w, https:\/\/i0.wp.com\/gran-hola.ch\/wp-content\/uploads\/2022\/03\/photo5789841109189507670.jpg?resize=700%2C700&amp;ssl=1 700w, https:\/\/i0.wp.com\/gran-hola.ch\/wp-content\/uploads\/2022\/03\/photo5789841109189507670.jpg?resize=1000%2C1000&amp;ssl=1 1000w\" sizes=\"auto, (max-width: 700px) 100vw, 700px\" \/><\/a>\n\t\t\t\n\t\t\t<div class=\"content\">\n\t\t\t\t<h3><a href=\"https:\/\/gran-hola.ch\/de\/2022\/01\/16\/rueckblick-auf-ein-ereignisreiches-jahr-2021\/\" rel=\"bookmark\" alt=\"R\u00fcckblick auf ein ereignisreiches Jahr 2021!\">R\u00fcckblick auf ein ereignisreiches Jahr 2021!<\/a><\/h3>\n\t\t\t\t<span class=\"meta\">\n\t\t\t\t\t16. Januar 2022\t\t\t\t<\/span>\n\t\t\t\t\t\t\t<\/div>\n\t\t\t<\/div>\n\t\t<\/article>\n\n\t\t\t\t\t\t\n\t\t<article class=\"small post-3535 post type-post status-publish format-standard has-post-thumbnail hentry category-aktuelles tag-bio-de tag-cycling-de tag-granola-de tag-handwerklich tag-lokale-produkte tag-trail-mix-de\">\n\t\t\t<div class=\"inside\">\n\t\t\t\t\t\t\n\t\t\t\t<a href=\"https:\/\/gran-hola.ch\/de\/2021\/10\/07\/chasseral-ride-2021\/\" rel=\"bookmark\" class=\"post-thumb\"><img loading=\"lazy\" decoding=\"async\" width=\"700\" height=\"700\" src=\"https:\/\/i0.wp.com\/gran-hola.ch\/wp-content\/uploads\/2021\/10\/IMG_9739-scaled.jpeg?resize=700%2C700&amp;ssl=1\" class=\" wp-post-image\" alt=\"Chasseral Ride 2021\" title=\"Chasseral Ride 2021\" srcset=\"https:\/\/i0.wp.com\/gran-hola.ch\/wp-content\/uploads\/2021\/10\/IMG_9739-scaled.jpeg?resize=600%2C600&amp;ssl=1 600w, https:\/\/i0.wp.com\/gran-hola.ch\/wp-content\/uploads\/2021\/10\/IMG_9739-scaled.jpeg?resize=100%2C100&amp;ssl=1 100w, https:\/\/i0.wp.com\/gran-hola.ch\/wp-content\/uploads\/2021\/10\/IMG_9739-scaled.jpeg?resize=300%2C300&amp;ssl=1 300w, https:\/\/i0.wp.com\/gran-hola.ch\/wp-content\/uploads\/2021\/10\/IMG_9739-scaled.jpeg?resize=700%2C700&amp;ssl=1 700w, https:\/\/i0.wp.com\/gran-hola.ch\/wp-content\/uploads\/2021\/10\/IMG_9739-scaled.jpeg?resize=1000%2C1000&amp;ssl=1 1000w, https:\/\/i0.wp.com\/gran-hola.ch\/wp-content\/uploads\/2021\/10\/IMG_9739-scaled.jpeg?zoom=2&amp;resize=700%2C700&amp;ssl=1 1400w\" sizes=\"auto, (max-width: 700px) 100vw, 700px\" \/><\/a>\n\t\t\t\n\t\t\t<div class=\"content\">\n\t\t\t\t<h3><a href=\"https:\/\/gran-hola.ch\/de\/2021\/10\/07\/chasseral-ride-2021\/\" rel=\"bookmark\" alt=\"Chasseral Ride 2021\">Chasseral Ride 2021<\/a><\/h3>\n\t\t\t\t<span class=\"meta\">\n\t\t\t\t\t7. Oktober 2021\t\t\t\t<\/span>\n\t\t\t\t\t\t\t<\/div>\n\t\t\t<\/div>\n\t\t<\/article>\n\n\t\t\t\t\t\t\n\t\t<article class=\"small post-3537 post type-post status-publish format-standard has-post-thumbnail hentry category-aktuelles tag-bio-de tag-fasern tag-geschafte tag-gesund tag-granola-de tag-handwerklich tag-lokale-produkte tag-proetinen tag-schweizer tag-vegetarisch tag-wohlbefinden\">\n\t\t\t<div class=\"inside\">\n\t\t\t\t\t\t\n\t\t\t\t<a href=\"https:\/\/gran-hola.ch\/de\/2021\/09\/24\/3-neue-granolas\/\" rel=\"bookmark\" class=\"post-thumb\"><img loading=\"lazy\" decoding=\"async\" width=\"700\" height=\"700\" src=\"https:\/\/i0.wp.com\/gran-hola.ch\/wp-content\/uploads\/2021\/09\/pack-voyage-scaled.jpg?resize=700%2C700&amp;ssl=1\" class=\" wp-post-image\" alt=\"3 neue Granolas!\" title=\"3 neue Granolas!\" srcset=\"https:\/\/i0.wp.com\/gran-hola.ch\/wp-content\/uploads\/2021\/09\/pack-voyage-scaled.jpg?w=2560&amp;ssl=1 2560w, https:\/\/i0.wp.com\/gran-hola.ch\/wp-content\/uploads\/2021\/09\/pack-voyage-scaled.jpg?resize=600%2C600&amp;ssl=1 600w, https:\/\/i0.wp.com\/gran-hola.ch\/wp-content\/uploads\/2021\/09\/pack-voyage-scaled.jpg?resize=100%2C100&amp;ssl=1 100w, https:\/\/i0.wp.com\/gran-hola.ch\/wp-content\/uploads\/2021\/09\/pack-voyage-scaled.jpg?resize=1200%2C1200&amp;ssl=1 1200w, https:\/\/i0.wp.com\/gran-hola.ch\/wp-content\/uploads\/2021\/09\/pack-voyage-scaled.jpg?resize=300%2C300&amp;ssl=1 300w, https:\/\/i0.wp.com\/gran-hola.ch\/wp-content\/uploads\/2021\/09\/pack-voyage-scaled.jpg?resize=768%2C768&amp;ssl=1 768w, https:\/\/i0.wp.com\/gran-hola.ch\/wp-content\/uploads\/2021\/09\/pack-voyage-scaled.jpg?resize=1536%2C1536&amp;ssl=1 1536w, https:\/\/i0.wp.com\/gran-hola.ch\/wp-content\/uploads\/2021\/09\/pack-voyage-scaled.jpg?resize=2048%2C2048&amp;ssl=1 2048w, https:\/\/i0.wp.com\/gran-hola.ch\/wp-content\/uploads\/2021\/09\/pack-voyage-scaled.jpg?resize=700%2C700&amp;ssl=1 700w, https:\/\/i0.wp.com\/gran-hola.ch\/wp-content\/uploads\/2021\/09\/pack-voyage-scaled.jpg?resize=1000%2C1000&amp;ssl=1 1000w, https:\/\/i0.wp.com\/gran-hola.ch\/wp-content\/uploads\/2021\/09\/pack-voyage-scaled.jpg?w=2400&amp;ssl=1 2400w\" sizes=\"auto, (max-width: 700px) 100vw, 700px\" \/><\/a>\n\t\t\t\n\t\t\t<div class=\"content\">\n\t\t\t\t<h3><a href=\"https:\/\/gran-hola.ch\/de\/2021\/09\/24\/3-neue-granolas\/\" rel=\"bookmark\" alt=\"3 neue Granolas!\">3 neue Granolas!<\/a><\/h3>\n\t\t\t\t<span class=\"meta\">\n\t\t\t\t\t24. September 2021\t\t\t\t<\/span>\n\t\t\t\t\t\t\t<\/div>\n\t\t\t<\/div>\n\t\t<\/article>\n\n\t\t\t\t\t\t\n\t\t<article class=\"small post-3541 post type-post status-publish format-standard has-post-thumbnail hentry category-aktuelles tag-bio-de tag-geschafte tag-granola-de tag-handwerklich tag-lokale-produkte tag-vegetarisch tag-wohlbefinden tag-yoga-de\">\n\t\t\t<div class=\"inside\">\n\t\t\t\t\t\t\n\t\t\t\t<a href=\"https:\/\/gran-hola.ch\/de\/2021\/09\/21\/yoga-brunch\/\" rel=\"bookmark\" class=\"post-thumb\"><img loading=\"lazy\" decoding=\"async\" width=\"700\" height=\"700\" src=\"https:\/\/i0.wp.com\/gran-hola.ch\/wp-content\/uploads\/2021\/09\/photo5931318491560916211.jpg?resize=700%2C700&amp;ssl=1\" class=\" wp-post-image\" alt=\"YOGA &amp; BRUNCH\" title=\"YOGA &amp; BRUNCH\" srcset=\"https:\/\/i0.wp.com\/gran-hola.ch\/wp-content\/uploads\/2021\/09\/photo5931318491560916211.jpg?resize=600%2C600&amp;ssl=1 600w, https:\/\/i0.wp.com\/gran-hola.ch\/wp-content\/uploads\/2021\/09\/photo5931318491560916211.jpg?resize=100%2C100&amp;ssl=1 100w, https:\/\/i0.wp.com\/gran-hola.ch\/wp-content\/uploads\/2021\/09\/photo5931318491560916211.jpg?resize=300%2C300&amp;ssl=1 300w, https:\/\/i0.wp.com\/gran-hola.ch\/wp-content\/uploads\/2021\/09\/photo5931318491560916211.jpg?resize=700%2C700&amp;ssl=1 700w\" sizes=\"auto, (max-width: 700px) 100vw, 700px\" \/><\/a>\n\t\t\t\n\t\t\t<div class=\"content\">\n\t\t\t\t<h3><a href=\"https:\/\/gran-hola.ch\/de\/2021\/09\/21\/yoga-brunch\/\" rel=\"bookmark\" alt=\"YOGA &amp; BRUNCH\">YOGA &amp; BRUNCH<\/a><\/h3>\n\t\t\t\t<span class=\"meta\">\n\t\t\t\t\t21. September 2021\t\t\t\t<\/span>\n\t\t\t\t\t\t\t<\/div>\n\t\t\t<\/div>\n\t\t<\/article>\n\n\t\t\t\t\t\t\n\t\t<article class=\"small post-3585 post type-post status-publish format-standard has-post-thumbnail hentry category-aktuelles tag-bio-de tag-geschafte tag-granola-de tag-handwerklich tag-lokale-produkte tag-muttertag tag-solidarisch tag-unterstutzung\">\n\t\t\t<div class=\"inside\">\n\t\t\t\t\t\t\n\t\t\t\t<a href=\"https:\/\/gran-hola.ch\/de\/2021\/04\/28\/muttertagskorb\/\" rel=\"bookmark\" class=\"post-thumb\"><img loading=\"lazy\" decoding=\"async\" width=\"700\" height=\"700\" src=\"https:\/\/i0.wp.com\/gran-hola.ch\/wp-content\/uploads\/2021\/04\/unnamed.jpeg?resize=700%2C700&amp;ssl=1\" class=\" wp-post-image\" alt=\"Muttertagskorb\" title=\"Muttertagskorb\" srcset=\"https:\/\/i0.wp.com\/gran-hola.ch\/wp-content\/uploads\/2021\/04\/unnamed.jpeg?w=1500&amp;ssl=1 1500w, https:\/\/i0.wp.com\/gran-hola.ch\/wp-content\/uploads\/2021\/04\/unnamed.jpeg?resize=600%2C600&amp;ssl=1 600w, https:\/\/i0.wp.com\/gran-hola.ch\/wp-content\/uploads\/2021\/04\/unnamed.jpeg?resize=100%2C100&amp;ssl=1 100w, https:\/\/i0.wp.com\/gran-hola.ch\/wp-content\/uploads\/2021\/04\/unnamed.jpeg?resize=1200%2C1200&amp;ssl=1 1200w, https:\/\/i0.wp.com\/gran-hola.ch\/wp-content\/uploads\/2021\/04\/unnamed.jpeg?resize=300%2C300&amp;ssl=1 300w, https:\/\/i0.wp.com\/gran-hola.ch\/wp-content\/uploads\/2021\/04\/unnamed.jpeg?resize=768%2C768&amp;ssl=1 768w, https:\/\/i0.wp.com\/gran-hola.ch\/wp-content\/uploads\/2021\/04\/unnamed.jpeg?resize=700%2C700&amp;ssl=1 700w, https:\/\/i0.wp.com\/gran-hola.ch\/wp-content\/uploads\/2021\/04\/unnamed.jpeg?resize=1000%2C1000&amp;ssl=1 1000w\" sizes=\"auto, (max-width: 700px) 100vw, 700px\" \/><\/a>\n\t\t\t\n\t\t\t<div class=\"content\">\n\t\t\t\t<h3><a href=\"https:\/\/gran-hola.ch\/de\/2021\/04\/28\/muttertagskorb\/\" rel=\"bookmark\" alt=\"Muttertagskorb\">Muttertagskorb<\/a><\/h3>\n\t\t\t\t<span class=\"meta\">\n\t\t\t\t\t28. April 2021\t\t\t\t<\/span>\n\t\t\t\t\t\t\t<\/div>\n\t\t\t<\/div>\n\t\t<\/article>\n\n\t\t\t\t\t\t\n\t\t<article class=\"small post-3587 post type-post status-publish format-standard has-post-thumbnail hentry category-aktuelles tag-bio-de tag-breakfast-de tag-fruhstuck tag-glutenfree-de tag-granola-de tag-handwerklich tag-healthy-de tag-morning-de tag-muesli-de tag-vegan-de\">\n\t\t\t<div class=\"inside\">\n\t\t\t\t\t\t\n\t\t\t\t<a href=\"https:\/\/gran-hola.ch\/de\/2021\/03\/25\/neue-bio-granola-formate\/\" rel=\"bookmark\" class=\"post-thumb\"><img loading=\"lazy\" decoding=\"async\" width=\"700\" height=\"700\" src=\"https:\/\/i0.wp.com\/gran-hola.ch\/wp-content\/uploads\/2021\/03\/format-article-blog-2.jpg?resize=700%2C700&amp;ssl=1\" class=\" wp-post-image\" alt=\"Neue bio Granola Formate\" title=\"Neue bio Granola Formate\" srcset=\"https:\/\/i0.wp.com\/gran-hola.ch\/wp-content\/uploads\/2021\/03\/format-article-blog-2.jpg?resize=600%2C600&amp;ssl=1 600w, https:\/\/i0.wp.com\/gran-hola.ch\/wp-content\/uploads\/2021\/03\/format-article-blog-2.jpg?resize=100%2C100&amp;ssl=1 100w, https:\/\/i0.wp.com\/gran-hola.ch\/wp-content\/uploads\/2021\/03\/format-article-blog-2.jpg?resize=300%2C300&amp;ssl=1 300w, https:\/\/i0.wp.com\/gran-hola.ch\/wp-content\/uploads\/2021\/03\/format-article-blog-2.jpg?resize=700%2C700&amp;ssl=1 700w, https:\/\/i0.wp.com\/gran-hola.ch\/wp-content\/uploads\/2021\/03\/format-article-blog-2.jpg?resize=1000%2C1000&amp;ssl=1 1000w, https:\/\/i0.wp.com\/gran-hola.ch\/wp-content\/uploads\/2021\/03\/format-article-blog-2.jpg?zoom=2&amp;resize=700%2C700&amp;ssl=1 1400w\" sizes=\"auto, (max-width: 700px) 100vw, 700px\" \/><\/a>\n\t\t\t\n\t\t\t<div class=\"content\">\n\t\t\t\t<h3><a href=\"https:\/\/gran-hola.ch\/de\/2021\/03\/25\/neue-bio-granola-formate\/\" rel=\"bookmark\" alt=\"Neue bio Granola Formate\">Neue bio Granola Formate<\/a><\/h3>\n\t\t\t\t<span class=\"meta\">\n\t\t\t\t\t25. M\u00e4rz 2021\t\t\t\t<\/span>\n\t\t\t\t\t\t\t<\/div>\n\t\t\t<\/div>\n\t\t<\/article>\n\n\t\t\t\t\t\t\n\t\t<article class=\"small post-3589 post type-post status-publish format-standard has-post-thumbnail hentry category-aktuelles tag-bio-de tag-breakfast-de tag-energie-de tag-fruhstuck tag-granola-de tag-handwerklich tag-ingwer tag-jus-de tag-morning-de tag-vitamin tag-zusammenarbeit\">\n\t\t\t<div class=\"inside\">\n\t\t\t\t\t\t\n\t\t\t\t<a href=\"https:\/\/gran-hola.ch\/de\/2021\/02\/26\/granhola-x-frau-ingwer\/\" rel=\"bookmark\" class=\"post-thumb\"><img loading=\"lazy\" decoding=\"async\" width=\"700\" height=\"700\" src=\"https:\/\/i0.wp.com\/gran-hola.ch\/wp-content\/uploads\/2021\/02\/High-quality-JPG-Dame-Gingembre-Fvrier-2021-43-2-scaled.jpg?resize=700%2C700&amp;ssl=1\" class=\" wp-post-image\" alt=\"Gran&#8217;Hola x Frau Ingwer\" title=\"Gran&#8217;Hola x Frau Ingwer\" srcset=\"https:\/\/i0.wp.com\/gran-hola.ch\/wp-content\/uploads\/2021\/02\/High-quality-JPG-Dame-Gingembre-Fvrier-2021-43-2-scaled.jpg?resize=600%2C600&amp;ssl=1 600w, https:\/\/i0.wp.com\/gran-hola.ch\/wp-content\/uploads\/2021\/02\/High-quality-JPG-Dame-Gingembre-Fvrier-2021-43-2-scaled.jpg?resize=100%2C100&amp;ssl=1 100w, https:\/\/i0.wp.com\/gran-hola.ch\/wp-content\/uploads\/2021\/02\/High-quality-JPG-Dame-Gingembre-Fvrier-2021-43-2-scaled.jpg?resize=300%2C300&amp;ssl=1 300w, https:\/\/i0.wp.com\/gran-hola.ch\/wp-content\/uploads\/2021\/02\/High-quality-JPG-Dame-Gingembre-Fvrier-2021-43-2-scaled.jpg?resize=700%2C700&amp;ssl=1 700w, https:\/\/i0.wp.com\/gran-hola.ch\/wp-content\/uploads\/2021\/02\/High-quality-JPG-Dame-Gingembre-Fvrier-2021-43-2-scaled.jpg?resize=1000%2C1000&amp;ssl=1 1000w, https:\/\/i0.wp.com\/gran-hola.ch\/wp-content\/uploads\/2021\/02\/High-quality-JPG-Dame-Gingembre-Fvrier-2021-43-2-scaled.jpg?zoom=2&amp;resize=700%2C700&amp;ssl=1 1400w\" sizes=\"auto, (max-width: 700px) 100vw, 700px\" \/><\/a>\n\t\t\t\n\t\t\t<div class=\"content\">\n\t\t\t\t<h3><a href=\"https:\/\/gran-hola.ch\/de\/2021\/02\/26\/granhola-x-frau-ingwer\/\" rel=\"bookmark\" alt=\"Gran&#8217;Hola x Frau Ingwer\">Gran&#8217;Hola x Frau Ingwer<\/a><\/h3>\n\t\t\t\t<span class=\"meta\">\n\t\t\t\t\t26. Februar 2021\t\t\t\t<\/span>\n\t\t\t\t\t\t\t<\/div>\n\t\t\t<\/div>\n\t\t<\/article>\n\n\t\t\t\t\t\t\n\t\t<article class=\"small post-3591 post type-post status-publish format-standard has-post-thumbnail hentry category-aktuelles tag-biel-de tag-biel-de-2 tag-bio-de tag-glutenfrei tag-granola-de tag-handwerklich\">\n\t\t\t<div class=\"inside\">\n\t\t\t\t\t\t\n\t\t\t\t<a href=\"https:\/\/gran-hola.ch\/de\/2020\/12\/10\/firmen-brunch\/\" rel=\"bookmark\" class=\"post-thumb\"><img loading=\"lazy\" decoding=\"async\" width=\"700\" height=\"700\" src=\"https:\/\/i0.wp.com\/gran-hola.ch\/wp-content\/uploads\/2020\/12\/Granhola-5-scaled.jpeg?resize=700%2C700&amp;ssl=1\" class=\" wp-post-image\" alt=\"Firmen-Brunch\" title=\"Firmen-Brunch\" srcset=\"https:\/\/i0.wp.com\/gran-hola.ch\/wp-content\/uploads\/2020\/12\/Granhola-5-scaled.jpeg?resize=600%2C600&amp;ssl=1 600w, https:\/\/i0.wp.com\/gran-hola.ch\/wp-content\/uploads\/2020\/12\/Granhola-5-scaled.jpeg?resize=100%2C100&amp;ssl=1 100w, https:\/\/i0.wp.com\/gran-hola.ch\/wp-content\/uploads\/2020\/12\/Granhola-5-scaled.jpeg?resize=300%2C300&amp;ssl=1 300w, https:\/\/i0.wp.com\/gran-hola.ch\/wp-content\/uploads\/2020\/12\/Granhola-5-scaled.jpeg?resize=700%2C700&amp;ssl=1 700w, https:\/\/i0.wp.com\/gran-hola.ch\/wp-content\/uploads\/2020\/12\/Granhola-5-scaled.jpeg?resize=1000%2C1000&amp;ssl=1 1000w, https:\/\/i0.wp.com\/gran-hola.ch\/wp-content\/uploads\/2020\/12\/Granhola-5-scaled.jpeg?zoom=2&amp;resize=700%2C700&amp;ssl=1 1400w, https:\/\/i0.wp.com\/gran-hola.ch\/wp-content\/uploads\/2020\/12\/Granhola-5-scaled.jpeg?zoom=3&amp;resize=700%2C700&amp;ssl=1 2100w\" sizes=\"auto, (max-width: 700px) 100vw, 700px\" \/><\/a>\n\t\t\t\n\t\t\t<div class=\"content\">\n\t\t\t\t<h3><a href=\"https:\/\/gran-hola.ch\/de\/2020\/12\/10\/firmen-brunch\/\" rel=\"bookmark\" alt=\"Firmen-Brunch\">Firmen-Brunch<\/a><\/h3>\n\t\t\t\t<span class=\"meta\">\n\t\t\t\t\t10. Dezember 2020\t\t\t\t<\/span>\n\t\t\t\t\t\t\t<\/div>\n\t\t\t<\/div>\n\t\t<\/article>\n\n\t\t\t\t\t\t\n\t\t<article class=\"small post-3593 post type-post status-publish format-standard has-post-thumbnail hentry category-aktuelles tag-biel-de-2 tag-biel-de tag-bio-de tag-glutenfrei tag-granola-de tag-handwerklich\">\n\t\t\t<div class=\"inside\">\n\t\t\t\t\t\t\n\t\t\t\t<a href=\"https:\/\/gran-hola.ch\/de\/2020\/11\/26\/la-navidad\/\" rel=\"bookmark\" class=\"post-thumb\"><img loading=\"lazy\" decoding=\"async\" width=\"700\" height=\"700\" src=\"https:\/\/i0.wp.com\/gran-hola.ch\/wp-content\/uploads\/2020\/11\/Navidad_Col-scaled.jpg?resize=700%2C700&amp;ssl=1\" class=\" wp-post-image\" alt=\"La Navidad\" title=\"La Navidad\" srcset=\"https:\/\/i0.wp.com\/gran-hola.ch\/wp-content\/uploads\/2020\/11\/Navidad_Col-scaled.jpg?w=2560&amp;ssl=1 2560w, https:\/\/i0.wp.com\/gran-hola.ch\/wp-content\/uploads\/2020\/11\/Navidad_Col-scaled.jpg?resize=600%2C600&amp;ssl=1 600w, https:\/\/i0.wp.com\/gran-hola.ch\/wp-content\/uploads\/2020\/11\/Navidad_Col-scaled.jpg?resize=100%2C100&amp;ssl=1 100w, https:\/\/i0.wp.com\/gran-hola.ch\/wp-content\/uploads\/2020\/11\/Navidad_Col-scaled.jpg?resize=1200%2C1200&amp;ssl=1 1200w, https:\/\/i0.wp.com\/gran-hola.ch\/wp-content\/uploads\/2020\/11\/Navidad_Col-scaled.jpg?resize=300%2C300&amp;ssl=1 300w, https:\/\/i0.wp.com\/gran-hola.ch\/wp-content\/uploads\/2020\/11\/Navidad_Col-scaled.jpg?resize=768%2C768&amp;ssl=1 768w, https:\/\/i0.wp.com\/gran-hola.ch\/wp-content\/uploads\/2020\/11\/Navidad_Col-scaled.jpg?resize=1536%2C1536&amp;ssl=1 1536w, https:\/\/i0.wp.com\/gran-hola.ch\/wp-content\/uploads\/2020\/11\/Navidad_Col-scaled.jpg?resize=2048%2C2048&amp;ssl=1 2048w, https:\/\/i0.wp.com\/gran-hola.ch\/wp-content\/uploads\/2020\/11\/Navidad_Col-scaled.jpg?resize=700%2C700&amp;ssl=1 700w, https:\/\/i0.wp.com\/gran-hola.ch\/wp-content\/uploads\/2020\/11\/Navidad_Col-scaled.jpg?resize=1000%2C1000&amp;ssl=1 1000w, https:\/\/i0.wp.com\/gran-hola.ch\/wp-content\/uploads\/2020\/11\/Navidad_Col-scaled.jpg?w=2400&amp;ssl=1 2400w\" sizes=\"auto, (max-width: 700px) 100vw, 700px\" \/><\/a>\n\t\t\t\n\t\t\t<div class=\"content\">\n\t\t\t\t<h3><a href=\"https:\/\/gran-hola.ch\/de\/2020\/11\/26\/la-navidad\/\" rel=\"bookmark\" alt=\"La Navidad\">La Navidad<\/a><\/h3>\n\t\t\t\t<span class=\"meta\">\n\t\t\t\t\t26. November 2020\t\t\t\t<\/span>\n\t\t\t\t\t\t\t<\/div>\n\t\t\t<\/div>\n\t\t<\/article>\n\n\t\t\t\t\t\t\t\t\t\t<\/div><!-- .blog -->\n\t\t\t\t<\/div>\t\t\t\t\n<\/div><\/div><\/div><\/div>","protected":false},"excerpt":{"rendered":"<p>Tag der offenen T\u00fcr \ud83c\udf88 18. April 2022 R\u00fcckblick auf ein ereignisreiches Jahr 2021! 16. Januar 2022 Chasseral Ride 2021 7. Oktober 2021 3 neue Granolas! 24. September 2021 YOGA &amp; BRUNCH 21. September 2021 Muttertagskorb 28. April 2021 Neue bio Granola Formate 25. M\u00e4rz 2021 Gran&#8217;Hola x Frau Ingwer 26. Februar 2021 Firmen-Brunch 10. &hellip; <a href=\"https:\/\/gran-hola.ch\/de\/aktuell\/\" title=\"Aktuell\" class=\"read-more\">Read More<\/a><\/p>\n","protected":false},"author":3,"featured_media":0,"parent":0,"menu_order":0,"comment_status":"closed","ping_status":"closed","template":"","meta":{"_acf_changed":false,"footnotes":""},"class_list":["post-3411","page","type-page","status-publish","hentry"],"acf":[],"yoast_head":"<!-- This site is optimized with the Yoast SEO plugin v27.4 - https:\/\/yoast.com\/product\/yoast-seo-wordpress\/ -->\n<title>Aktuell &#8211; Gran&#039;Hola<\/title>\n<meta name=\"description\" content=\"Du granola bio, sans gluten et vegan fabriqu\u00e9 \u00e0 Bienne en Suisse. Sans sucre ajout\u00e9 et snack 100% naturels.\" \/>\n<meta name=\"robots\" content=\"index, follow, max-snippet:-1, max-image-preview:large, max-video-preview:-1\" \/>\n<link rel=\"canonical\" href=\"https:\/\/gran-hola.ch\/de\/aktuell\/\" \/>\n<meta property=\"og:locale\" content=\"de_DE\" \/>\n<meta property=\"og:type\" content=\"article\" \/>\n<meta property=\"og:title\" content=\"[&quot;&quot;]\" \/>\n<meta property=\"og:description\" content=\"Du granola bio, sans gluten et vegan fabriqu\u00e9 \u00e0 Bienne en Suisse. Sans sucre ajout\u00e9 et snack 100% naturels.\" \/>\n<meta property=\"og:url\" content=\"https:\/\/gran-hola.ch\/de\/aktuell\/\" \/>\n<meta property=\"og:site_name\" content=\"Gran&#039;Hola\" \/>\n<meta property=\"article:publisher\" content=\"https:\/\/www.facebook.com\/granhola.ch\/\" \/>\n<meta property=\"article:modified_time\" content=\"2023-01-12T14:41:21+00:00\" \/>\n<meta property=\"og:image\" content=\"\" \/>\n<meta name=\"twitter:card\" content=\"summary_large_image\" \/>\n<meta name=\"twitter:label1\" content=\"Gesch\u00e4tzte Lesezeit\" \/>\n\t<meta name=\"twitter:data1\" content=\"1\u00a0Minute\" \/>\n<script type=\"application\/ld+json\" class=\"yoast-schema-graph\">{\"@context\":\"https:\\\/\\\/schema.org\",\"@graph\":[{\"@type\":\"WebPage\",\"@id\":\"https:\\\/\\\/gran-hola.ch\\\/de\\\/aktuell\\\/\",\"url\":\"https:\\\/\\\/gran-hola.ch\\\/de\\\/aktuell\\\/\",\"name\":\"Aktuell &#8211; Gran&#039;Hola\",\"isPartOf\":{\"@id\":\"https:\\\/\\\/gran-hola.ch\\\/de\\\/#website\"},\"datePublished\":\"2020-04-28T08:55:39+00:00\",\"dateModified\":\"2023-01-12T14:41:21+00:00\",\"description\":\"Du granola bio, sans gluten et vegan fabriqu\u00e9 \u00e0 Bienne en Suisse. Sans sucre ajout\u00e9 et snack 100% naturels.\",\"breadcrumb\":{\"@id\":\"https:\\\/\\\/gran-hola.ch\\\/de\\\/aktuell\\\/#breadcrumb\"},\"inLanguage\":\"de\",\"potentialAction\":[{\"@type\":\"ReadAction\",\"target\":[\"https:\\\/\\\/gran-hola.ch\\\/de\\\/aktuell\\\/\"]}]},{\"@type\":\"BreadcrumbList\",\"@id\":\"https:\\\/\\\/gran-hola.ch\\\/de\\\/aktuell\\\/#breadcrumb\",\"itemListElement\":[{\"@type\":\"ListItem\",\"position\":1,\"name\":\"Accueil\",\"item\":\"https:\\\/\\\/gran-hola.ch\\\/de\\\/\"},{\"@type\":\"ListItem\",\"position\":2,\"name\":\"Aktuell\"}]},{\"@type\":\"WebSite\",\"@id\":\"https:\\\/\\\/gran-hola.ch\\\/de\\\/#website\",\"url\":\"https:\\\/\\\/gran-hola.ch\\\/de\\\/\",\"name\":\"Gran&#039;Hola\",\"description\":\"Granola artisanal, bio et sans gluten\",\"publisher\":{\"@id\":\"https:\\\/\\\/gran-hola.ch\\\/de\\\/#organization\"},\"potentialAction\":[{\"@type\":\"SearchAction\",\"target\":{\"@type\":\"EntryPoint\",\"urlTemplate\":\"https:\\\/\\\/gran-hola.ch\\\/de\\\/?s={search_term_string}\"},\"query-input\":{\"@type\":\"PropertyValueSpecification\",\"valueRequired\":true,\"valueName\":\"search_term_string\"}}],\"inLanguage\":\"de\"},{\"@type\":\"Organization\",\"@id\":\"https:\\\/\\\/gran-hola.ch\\\/de\\\/#organization\",\"name\":\"Gran'Hola\",\"url\":\"https:\\\/\\\/gran-hola.ch\\\/de\\\/\",\"logo\":{\"@type\":\"ImageObject\",\"inLanguage\":\"de\",\"@id\":\"https:\\\/\\\/gran-hola.ch\\\/de\\\/#\\\/schema\\\/logo\\\/image\\\/\",\"url\":\"https:\\\/\\\/gran-hola.ch\\\/wp-content\\\/uploads\\\/2020\\\/04\\\/logo-granola-new.png\",\"contentUrl\":\"https:\\\/\\\/gran-hola.ch\\\/wp-content\\\/uploads\\\/2020\\\/04\\\/logo-granola-new.png\",\"width\":340,\"height\":296,\"caption\":\"Gran'Hola\"},\"image\":{\"@id\":\"https:\\\/\\\/gran-hola.ch\\\/de\\\/#\\\/schema\\\/logo\\\/image\\\/\"},\"sameAs\":[\"https:\\\/\\\/www.facebook.com\\\/granhola.ch\\\/\",\"https:\\\/\\\/www.instagram.com\\\/granhola.ch\\\/\",\"https:\\\/\\\/www.linkedin.com\\\/company\\\/gran-hola\\\/\"]}]}<\/script>\n<!-- \/ Yoast SEO plugin. -->","yoast_head_json":{"title":"Aktuell &#8211; Gran&#039;Hola","description":"Du granola bio, sans gluten et vegan fabriqu\u00e9 \u00e0 Bienne en Suisse. Sans sucre ajout\u00e9 et snack 100% naturels.","robots":{"index":"index","follow":"follow","max-snippet":"max-snippet:-1","max-image-preview":"max-image-preview:large","max-video-preview":"max-video-preview:-1"},"canonical":"https:\/\/gran-hola.ch\/de\/aktuell\/","og_locale":"de_DE","og_type":"article","og_title":"[\"\"]","og_description":"Du granola bio, sans gluten et vegan fabriqu\u00e9 \u00e0 Bienne en Suisse. Sans sucre ajout\u00e9 et snack 100% naturels.","og_url":"https:\/\/gran-hola.ch\/de\/aktuell\/","og_site_name":"Gran&#039;Hola","article_publisher":"https:\/\/www.facebook.com\/granhola.ch\/","article_modified_time":"2023-01-12T14:41:21+00:00","og_image":[{"url":"{}","type":"","width":"","height":""}],"twitter_card":"summary_large_image","twitter_misc":{"Gesch\u00e4tzte Lesezeit":"1\u00a0Minute"},"schema":{"@context":"https:\/\/schema.org","@graph":[{"@type":"WebPage","@id":"https:\/\/gran-hola.ch\/de\/aktuell\/","url":"https:\/\/gran-hola.ch\/de\/aktuell\/","name":"Aktuell &#8211; Gran&#039;Hola","isPartOf":{"@id":"https:\/\/gran-hola.ch\/de\/#website"},"datePublished":"2020-04-28T08:55:39+00:00","dateModified":"2023-01-12T14:41:21+00:00","description":"Du granola bio, sans gluten et vegan fabriqu\u00e9 \u00e0 Bienne en Suisse. Sans sucre ajout\u00e9 et snack 100% naturels.","breadcrumb":{"@id":"https:\/\/gran-hola.ch\/de\/aktuell\/#breadcrumb"},"inLanguage":"de","potentialAction":[{"@type":"ReadAction","target":["https:\/\/gran-hola.ch\/de\/aktuell\/"]}]},{"@type":"BreadcrumbList","@id":"https:\/\/gran-hola.ch\/de\/aktuell\/#breadcrumb","itemListElement":[{"@type":"ListItem","position":1,"name":"Accueil","item":"https:\/\/gran-hola.ch\/de\/"},{"@type":"ListItem","position":2,"name":"Aktuell"}]},{"@type":"WebSite","@id":"https:\/\/gran-hola.ch\/de\/#website","url":"https:\/\/gran-hola.ch\/de\/","name":"Gran&#039;Hola","description":"Granola artisanal, bio et sans gluten","publisher":{"@id":"https:\/\/gran-hola.ch\/de\/#organization"},"potentialAction":[{"@type":"SearchAction","target":{"@type":"EntryPoint","urlTemplate":"https:\/\/gran-hola.ch\/de\/?s={search_term_string}"},"query-input":{"@type":"PropertyValueSpecification","valueRequired":true,"valueName":"search_term_string"}}],"inLanguage":"de"},{"@type":"Organization","@id":"https:\/\/gran-hola.ch\/de\/#organization","name":"Gran'Hola","url":"https:\/\/gran-hola.ch\/de\/","logo":{"@type":"ImageObject","inLanguage":"de","@id":"https:\/\/gran-hola.ch\/de\/#\/schema\/logo\/image\/","url":"https:\/\/gran-hola.ch\/wp-content\/uploads\/2020\/04\/logo-granola-new.png","contentUrl":"https:\/\/gran-hola.ch\/wp-content\/uploads\/2020\/04\/logo-granola-new.png","width":340,"height":296,"caption":"Gran'Hola"},"image":{"@id":"https:\/\/gran-hola.ch\/de\/#\/schema\/logo\/image\/"},"sameAs":["https:\/\/www.facebook.com\/granhola.ch\/","https:\/\/www.instagram.com\/granhola.ch\/","https:\/\/www.linkedin.com\/company\/gran-hola\/"]}]}},"jetpack_sharing_enabled":true,"_links":{"self":[{"href":"https:\/\/gran-hola.ch\/de\/wp-json\/wp\/v2\/pages\/3411","targetHints":{"allow":["GET"]}}],"collection":[{"href":"https:\/\/gran-hola.ch\/de\/wp-json\/wp\/v2\/pages"}],"about":[{"href":"https:\/\/gran-hola.ch\/de\/wp-json\/wp\/v2\/types\/page"}],"author":[{"embeddable":true,"href":"https:\/\/gran-hola.ch\/de\/wp-json\/wp\/v2\/users\/3"}],"replies":[{"embeddable":true,"href":"https:\/\/gran-hola.ch\/de\/wp-json\/wp\/v2\/comments?post=3411"}],"version-history":[{"count":5,"href":"https:\/\/gran-hola.ch\/de\/wp-json\/wp\/v2\/pages\/3411\/revisions"}],"predecessor-version":[{"id":3792,"href":"https:\/\/gran-hola.ch\/de\/wp-json\/wp\/v2\/pages\/3411\/revisions\/3792"}],"wp:attachment":[{"href":"https:\/\/gran-hola.ch\/de\/wp-json\/wp\/v2\/media?parent=3411"}],"curies":[{"name":"wp","href":"https:\/\/api.w.org\/{rel}","templated":true}]}}